{"id":449,"date":"2021-10-25T08:27:08","date_gmt":"2021-10-25T06:27:08","guid":{"rendered":"https:\/\/naturoterrehappy.fr\/?page_id=449"},"modified":"2026-01-06T10:20:53","modified_gmt":"2026-01-06T09:20:53","slug":"virginie-verel","status":"publish","type":"page","link":"https:\/\/naturoterrehappy.fr\/index.php\/virginie-verel\/","title":{"rendered":"QUI SUIS JE ?"},"content":{"rendered":"<div id=\"wp-socials\" style=\"margin-top:20px;margin-bottom:0px;\"><div id=\"wp-socials-general-btn\"><div id=\"wp-socials-plusone\">\r\n                <!-- Place this tag in your head or just before your close body tag. -->\r\n                <script src=\"https:\/\/apis.google.com\/js\/platform.js\" async defer>\r\n                  {lang: 'fr'}\r\n                <\/script>\r\n\r\n                <!-- Place this tag where you want the share button to render. -->\r\n                <div class=\"g-plus\" data-action=\"share\" data-annotation=\"inline\" data-height=\"58\" data-size=\"small\" data-href=\"https:\/\/naturoterrehappy.fr\/index.php\/virginie-verel\/\"><\/div><\/div><\/div><div style=\"clear:both\"><\/div><\/div>\n<figure class=\"wp-block-image size-large is-style-rounded\"><img loading=\"lazy\" decoding=\"async\" width=\"1024\" height=\"1024\" src=\"https:\/\/naturoterrehappy.fr\/wp-content\/uploads\/2021\/09\/virginie-1024x1024.jpg\" alt=\"\" class=\"wp-image-235\" srcset=\"https:\/\/naturoterrehappy.fr\/wp-content\/uploads\/2021\/09\/virginie-1024x1024.jpg 1024w, https:\/\/naturoterrehappy.fr\/wp-content\/uploads\/2021\/09\/virginie-300x300.jpg 300w, https:\/\/naturoterrehappy.fr\/wp-content\/uploads\/2021\/09\/virginie-150x150.jpg 150w, https:\/\/naturoterrehappy.fr\/wp-content\/uploads\/2021\/09\/virginie-768x768.jpg 768w, https:\/\/naturoterrehappy.fr\/wp-content\/uploads\/2021\/09\/virginie-1536x1536.jpg 1536w, https:\/\/naturoterrehappy.fr\/wp-content\/uploads\/2021\/09\/virginie-100x100.jpg 100w, https:\/\/naturoterrehappy.fr\/wp-content\/uploads\/2021\/09\/virginie.jpg 1917w\" sizes=\"(max-width: 767px) 89vw, (max-width: 1000px) 54vw, (max-width: 1071px) 543px, 580px\" \/><\/figure>\n\n\n\n<p><img loading=\"lazy\" decoding=\"async\" height=\"16\" width=\"16\" alt=\"\ud83c\udf3f\" src=\"https:\/\/www.facebook.com\/images\/emoji.php\/v9\/t1e\/1\/16\/1f33f.png\">Je suis femme, \u00e9pouse, maman de 3 merveilles;<\/p>\n\n\n\n<p><img loading=\"lazy\" decoding=\"async\" height=\"16\" width=\"16\" src=\"https:\/\/www.facebook.com\/images\/emoji.php\/v9\/t1e\/1\/16\/1f33f.png\" alt=\"\ud83c\udf3f\">Je suis passionn\u00e9e par le savoir et la sagesse des m\u00e9decines anciennes d&rsquo;ici et d&rsquo;ailleurs et leur rapport \u00e0 la Nature;<\/p>\n\n\n\n<p><img loading=\"lazy\" decoding=\"async\" height=\"16\" width=\"16\" src=\"https:\/\/www.facebook.com\/images\/emoji.php\/v9\/t1e\/1\/16\/1f33f.png\" alt=\"\ud83c\udf3f\">Je suis \u00e9merveill\u00e9e par le pouvoir du corps humain et les ph\u00e9nom\u00e8nes naturelles Terrestre et Cosmiques (une passion qui m\u2019a \u00e9t\u00e9 transmise par une institutrice et un professeur de sciences naturelles);<\/p>\n\n\n\n<p><img loading=\"lazy\" decoding=\"async\" height=\"16\" width=\"16\" src=\"https:\/\/www.facebook.com\/images\/emoji.php\/v9\/t1e\/1\/16\/1f33f.png\" alt=\"\ud83c\udf3f\">Je suis stup\u00e9faite par la puissance des \u00e9nergies qui nous entoure  et dont nous n\u2019avons pas conscience mais qui nous impact r\u00e9ellement. Le visible et l&rsquo;invisible se c\u00f4toient en permanence ;<\/p>\n\n\n\n<p><img loading=\"lazy\" decoding=\"async\" height=\"16\" width=\"16\" alt=\"\ud83c\udf3f\" src=\"https:\/\/www.facebook.com\/images\/emoji.php\/v9\/t1e\/1\/16\/1f33f.png\">Je suis pleine de gratitude de ce que la vie nous offre;<\/p>\n\n\n\n<p><img loading=\"lazy\" decoding=\"async\" height=\"16\" width=\"16\" alt=\"\ud83c\udf3f\" src=\"https:\/\/www.facebook.com\/images\/emoji.php\/v9\/t1e\/1\/16\/1f33f.png\">Je suis convaincue que le monde n\u2019a pas encore livr\u00e9 ce qu\u2019il a de meilleur;<\/p>\n\n\n\n<p><img loading=\"lazy\" decoding=\"async\" height=\"16\" width=\"16\" alt=\"\ud83c\udf3f\" src=\"https:\/\/www.facebook.com\/images\/emoji.php\/v9\/t1e\/1\/16\/1f33f.png\">Je suis un colibri qui fait sa part dans ce monde et le mieux que je puisse.<\/p>\n\n\n\n<p><img loading=\"lazy\" decoding=\"async\" height=\"16\" width=\"16\" alt=\"\ud83c\udf3f\" src=\"https:\/\/www.facebook.com\/images\/emoji.php\/v9\/t1e\/1\/16\/1f33f.png\">Je fabrique moi-m\u00eame tout ce que je peux, je r\u00e9pare, je cultive mon potager, je couds, je tricote, je cuisine (enfin j\u2019essaie\u2026moi et la nourriture il n\u2019y a pas si longtemps nous n\u2019\u00e9tions pas les meilleurs amis du monde! Pour moi manger \u00e9tais une perte de temps, voir certains jours un cauchemar), j\u2019\u00e9vite au maximum les d\u00e9chets\u2026<\/p>\n\n\n\n<p><img loading=\"lazy\" decoding=\"async\" height=\"16\" width=\"16\" alt=\"\ud83c\udf3f\" src=\"https:\/\/www.facebook.com\/images\/emoji.php\/v9\/t1e\/1\/16\/1f33f.png\">je montre cette voie \u00e0 mes enfants!<\/p>\n\n\n\n<p><img loading=\"lazy\" decoding=\"async\" height=\"16\" width=\"16\" alt=\"\ud83c\udf3f\" src=\"https:\/\/www.facebook.com\/images\/emoji.php\/v9\/t1e\/1\/16\/1f33f.png\">Je suis positive (presque tout le temps !), je partage mon savoir, je souris (le plus possible !)\u2026<\/p>\n\n\n\n<p><img loading=\"lazy\" decoding=\"async\" height=\"16\" width=\"16\" alt=\"\ud83c\udf3f\" src=\"https:\/\/www.facebook.com\/images\/emoji.php\/v9\/t1e\/1\/16\/1f33f.png\">J\u2019aime \u00e0 penser que dans chaque chose que je fais, chaque parole que je dis, chaque action, je contribue \u00e0 un monde meilleur, et je mis applique chaque jour;<\/p>\n\n\n\n<p><img loading=\"lazy\" decoding=\"async\" height=\"16\" width=\"16\" alt=\"\ud83c\udf3f\" src=\"https:\/\/www.facebook.com\/images\/emoji.php\/v9\/t1e\/1\/16\/1f33f.png\">Je me sens vivante quand je suis dans la Nature et reli\u00e9e \u00e0 elle;<\/p>\n\n\n\n<p><img loading=\"lazy\" decoding=\"async\" height=\"16\" width=\"16\" alt=\"\ud83c\udf3f\" src=\"https:\/\/www.facebook.com\/images\/emoji.php\/v9\/t1e\/1\/16\/1f33f.png\">J\u2019aime la simplicit\u00e9 dans tout;<\/p>\n\n\n\n<p><img loading=\"lazy\" decoding=\"async\" height=\"16\" width=\"16\" src=\"https:\/\/www.facebook.com\/images\/emoji.php\/v9\/t1e\/1\/16\/1f33f.png\" alt=\"\ud83c\udf3f\">Je suis enfin en accord avec mes valeurs et mes principes.<\/p>\n\n\n\n<p><img loading=\"lazy\" decoding=\"async\" height=\"16\" width=\"16\" src=\"https:\/\/www.facebook.com\/images\/emoji.php\/v9\/t1e\/1\/16\/1f33f.png\" alt=\"\ud83c\udf3f\">La premi\u00e8re partie de ma vie m\u2019a amen\u00e9e \u00e0 faire un m\u00e9tier qui me plaisait, certes, mais qui m\u2019a d\u00e9\u00e7ue. J\u2019\u00e9tais manipulatrice en radiologie. Je pensais pouvoir apporter mon aide dans la sant\u00e9 et le bien \u00eatre en participant \u00e0 ma fa\u00e7on au diagnostic et \u00e0 l\u2019\u00e9volution aux soins apport\u00e9s. Je c\u00f4toyais des personnes souffrantes physiquement mais aussi psychologiquement \u00e0 longueur de journ\u00e9e. Je suivais des patients dans leur \u00e9volution de pathologies (surtout en scanner), mais qui malheureusement nous quittaient. J\u2019en ai beaucoup souffert. J\u2019\u00e9tais totalement impuissante, inutile. Je m\u2019y perdais tant au niveau sant\u00e9 physique qu\u2019\u00e9motionnelle. Il y avait quelque chose qui ne collait pas, je n\u2019\u00e9tais pas \u00e9panouie, je devenais triste, de mauvaise humeurs en permanence, tout m\u2019impactait, m\u00eame les choses les plus insignifiantes soient elles et devenais douloureux \u00e0 l\u2019int\u00e9rieur de mon corps. Je m\u2019\u00e9teignais. J&rsquo;ai compris que non seulement je n&rsquo;\u00e9tais plus align\u00e9 avec moi, mon \u00e2me, mon chemin de vie mais aussi et surtout que j&rsquo;\u00e9tais hypersensible.<\/p>\n\n\n\n<p><img loading=\"lazy\" decoding=\"async\" height=\"16\" width=\"16\" src=\"https:\/\/www.facebook.com\/images\/emoji.php\/v9\/t1e\/1\/16\/1f33f.png\" alt=\"\ud83c\udf3f\">Donner la vie a \u00e9t\u00e9 la plus belle chose qui me soit arriv\u00e9e, m\u2019a sauv\u00e9 la vie. La naissance de mes enfants m\u2019a fait prendre conscience que je ne voulais pas de \u00e7a pour eux, et que m\u2019a priorit\u00e9 du moment c\u2019\u00e9tait leur bien-\u00eatre et leur sant\u00e9. J\u2019ai donc choisit d\u2019arr\u00eater de travailler pour eux. Ce qui m\u2019a permis de me reconnecter \u00e0 moi, de me poser des questions sur ma contribution au monde. J\u2019ai commenc\u00e9 par redevenir autonome en beaucoup de choses et revoir ma fa\u00e7on de consommer et mon impact que je laisser, puis pour mes enfants j\u2019ai choisi la sant\u00e9 naturelle.<br>Bref, un peu plus \u00e9colo, un peu plus consciente aussi de tout ce qui m\u2019entoure, de mes choix, de mon hygi\u00e8ne de vie. Je me suis aper\u00e7ue que gr\u00e2ce \u00e0 mes grands parents,  je vivais comme cela avant et que \u00e7a m\u2019avait manqu\u00e9. Je suis une fille de la campagne \u00e9lev\u00e9e par des grands parents qui vivaient de ce qu\u2019ils produisaient, ma Mamie connaissait des tas de rem\u00e8des naturels. A partir de ce moment, j\u2019ai eu l\u2019impression de renaitre, de libert\u00e9, de paix int\u00e9rieure.<\/p>\n\n\n\n<p><img loading=\"lazy\" decoding=\"async\" height=\"16\" width=\"16\" src=\"https:\/\/www.facebook.com\/images\/emoji.php\/v9\/t1e\/1\/16\/1f33f.png\" alt=\"\ud83c\udf3f\">J\u2019ai donc pris la d\u00e9cision de me former \u00e0 la naturopathie (ce qui me semblait \u00e0 l&rsquo;\u00e9poque le plus rapprocher de mes choix) et de pouvoir contribuer \u00e0 la sant\u00e9 comme je le d\u00e9sirais au d\u00e9part, mais de fa\u00e7on naturelle et autonome, dans le respect de la nature et des lois du vivant, dans le respect du pouvoir extraordinaire du corps humain. Petit \u00e0 petit ma soif de connaissance m&rsquo;a amen\u00e9e sur un chemin bien plus escarp\u00e9 et caboss\u00e9 que je ne l&rsquo;aurais imagin\u00e9. Mais cela a \u00e9t\u00e9 n\u00e9cessaire pour me \u00a0\u00bbgai-rire\u00a0\u00bb me comprendre et comprendre le monde qui m&rsquo;entourait bien au del\u00e0 du visible, et du connu rationnellement parlant. <\/p>\n\n\n\n<p><img loading=\"lazy\" decoding=\"async\" height=\"16\" width=\"16\" src=\"https:\/\/www.facebook.com\/images\/emoji.php\/v9\/t1e\/1\/16\/1f33f.png\" alt=\"\ud83c\udf3f\">J&rsquo;y ai  appris que nous ne sommes pas qu&rsquo;un corps physique mais bien un humain dans toutes ces dimensions et capable de s\u2019autogu\u00e9rir de lui-m\u00eame s\u2019il nous lui donnons les moyens de le faire c\u2019est-\u00e0-dire si nous lui donnons ce dont il a r\u00e9ellement besoin, pas ce que nous lui imposons. Il faut lui faire confiance et se faire confiance. Nous appartenons la nature au m\u00eame titre que les animaux et les v\u00e9g\u00e9taux mais que nous nous en \u00e9loignons. <br>Et qu\u2019en l\u2019observant, nous comprenons les choses \u00e0 mettre en place pour notre bien-\u00eatre.<\/p>\n\n\n\n<p><img loading=\"lazy\" decoding=\"async\" height=\"16\" width=\"16\" src=\"https:\/\/www.facebook.com\/images\/emoji.php\/v9\/t1e\/1\/16\/1f33f.png\" alt=\"\ud83c\udf3f\">Dans mon parcours, j&rsquo;ai appris, exp\u00e9riment\u00e9 diff\u00e9rents outils que je souhaite pouvoir partager. Mes connaissances et mon parcours mon montrer le chemin de l\u2019autonomie de sant\u00e9, de la nature, de notre nature profonde. Je partage les cl\u00e9s pour comprendre comment chacun de nous fonctionne, comment nous sommes reli\u00e9 \u00e0 ce qui nous entoure, et les outils naturelles qui vont vous permettre de vous mettre sur le chemin de votre nature profonde. Ce chemin qui m\u2019a amen\u00e9 \u00e0 \u00eatre qui je suis aujourd\u2019hui. Bien loin d\u2019\u00eatre parfaite, m\u00eame tr\u00e8s tr\u00e8s loin, pourtant, je remercie le ciel chaque jour d\u2019\u00eatre en vie, de respirer, d\u2019\u00eatre en bonne sant\u00e9, bien dans mon corps et dans ma t\u00eate, et de pouvoir apporter quelque chose de positif chaque jour \u00e0 quelqu\u2019un sur cette Terre.<\/p>\n\n\n\n<p>Nous avons tous des supers pouvoirs et sommes tous responsable de notre bien-\u00eatre.<img loading=\"lazy\" decoding=\"async\" height=\"16\" width=\"16\" src=\"https:\/\/www.facebook.com\/images\/emoji.php\/v9\/t1e\/1\/16\/1f33f.png\" alt=\"\ud83c\udf3f\"><\/p>\n\n\n\n<p><strong>MES FORMATIONS<\/strong><\/p>\n\n\n\n<div class=\"wp-block-media-text is-stacked-on-mobile\"><figure class=\"wp-block-media-text__media\"><img loading=\"lazy\" decoding=\"async\" width=\"744\" height=\"1024\" src=\"https:\/\/naturoterrehappy.fr\/wp-content\/uploads\/2021\/09\/CONSULTANTE-EN-FENG-SHUI-2-744x1024.jpg\" alt=\"\" class=\"wp-image-307 size-full\" srcset=\"https:\/\/naturoterrehappy.fr\/wp-content\/uploads\/2021\/09\/CONSULTANTE-EN-FENG-SHUI-2-744x1024.jpg 744w, https:\/\/naturoterrehappy.fr\/wp-content\/uploads\/2021\/09\/CONSULTANTE-EN-FENG-SHUI-2-218x300.jpg 218w, https:\/\/naturoterrehappy.fr\/wp-content\/uploads\/2021\/09\/CONSULTANTE-EN-FENG-SHUI-2-768x1057.jpg 768w, https:\/\/naturoterrehappy.fr\/wp-content\/uploads\/2021\/09\/CONSULTANTE-EN-FENG-SHUI-2.jpg 850w\" sizes=\"(max-width: 706px) 89vw, (max-width: 767px) 82vw, 740px\" \/><\/figure><div class=\"wp-block-media-text__content\">\n<p>2014 Formation en Feng shui <\/p>\n<\/div><\/div>\n\n\n\n<div class=\"wp-block-media-text has-media-on-the-right is-stacked-on-mobile\"><div class=\"wp-block-media-text__content\">\n<p>2015 premi\u00e8re ann\u00e9e formation CMDQ conseill\u00e8re en sant\u00e9 naturelle<\/p>\n<\/div><figure class=\"wp-block-media-text__media\"><img loading=\"lazy\" decoding=\"async\" width=\"1024\" height=\"784\" src=\"https:\/\/naturoterrehappy.fr\/wp-content\/uploads\/2021\/09\/CONSEILLERE-DE-LA-SANTE-1024x784.jpg\" alt=\"\" class=\"wp-image-302 size-full\" srcset=\"https:\/\/naturoterrehappy.fr\/wp-content\/uploads\/2021\/09\/CONSEILLERE-DE-LA-SANTE-1024x784.jpg 1024w, https:\/\/naturoterrehappy.fr\/wp-content\/uploads\/2021\/09\/CONSEILLERE-DE-LA-SANTE-300x230.jpg 300w, https:\/\/naturoterrehappy.fr\/wp-content\/uploads\/2021\/09\/CONSEILLERE-DE-LA-SANTE-768x588.jpg 768w, https:\/\/naturoterrehappy.fr\/wp-content\/uploads\/2021\/09\/CONSEILLERE-DE-LA-SANTE.jpg 1094w\" sizes=\"(max-width: 767px) 89vw, (max-width: 1000px) 54vw, (max-width: 1071px) 543px, 580px\" \/><\/figure><\/div>\n\n\n\n<div class=\"wp-block-media-text is-stacked-on-mobile\"><figure class=\"wp-block-media-text__media\"><img loading=\"lazy\" decoding=\"async\" width=\"1024\" height=\"796\" src=\"https:\/\/naturoterrehappy.fr\/wp-content\/uploads\/2021\/09\/EDUCATRICE-DE-LA-SANTE-1024x796.jpg\" alt=\"\" class=\"wp-image-303 size-full\" srcset=\"https:\/\/naturoterrehappy.fr\/wp-content\/uploads\/2021\/09\/EDUCATRICE-DE-LA-SANTE-1024x796.jpg 1024w, https:\/\/naturoterrehappy.fr\/wp-content\/uploads\/2021\/09\/EDUCATRICE-DE-LA-SANTE-300x233.jpg 300w, https:\/\/naturoterrehappy.fr\/wp-content\/uploads\/2021\/09\/EDUCATRICE-DE-LA-SANTE-768x597.jpg 768w, https:\/\/naturoterrehappy.fr\/wp-content\/uploads\/2021\/09\/EDUCATRICE-DE-LA-SANTE.jpg 1078w\" sizes=\"(max-width: 767px) 89vw, (max-width: 1000px) 54vw, (max-width: 1071px) 543px, 580px\" \/><\/figure><div class=\"wp-block-media-text__content\">\n<p>2016 deuxi\u00e8me ann\u00e9e formation CMDQ \u00e9ducatrice de la sant\u00e9<\/p>\n<\/div><\/div>\n\n\n\n<div class=\"wp-block-media-text has-media-on-the-right is-stacked-on-mobile\"><div class=\"wp-block-media-text__content\">\n<p>2017 troisi\u00e8me ann\u00e9e formation CMDQ Patricienne en Naturopathie<\/p>\n<\/div><figure class=\"wp-block-media-text__media\"><img loading=\"lazy\" decoding=\"async\" width=\"1024\" height=\"615\" src=\"https:\/\/naturoterrehappy.fr\/wp-content\/uploads\/2021\/09\/diplome-naturopathe-1024x615.jpg\" alt=\"\" class=\"wp-image-301 size-full\" srcset=\"https:\/\/naturoterrehappy.fr\/wp-content\/uploads\/2021\/09\/diplome-naturopathe-1024x615.jpg 1024w, https:\/\/naturoterrehappy.fr\/wp-content\/uploads\/2021\/09\/diplome-naturopathe-300x180.jpg 300w, https:\/\/naturoterrehappy.fr\/wp-content\/uploads\/2021\/09\/diplome-naturopathe-768x462.jpg 768w, https:\/\/naturoterrehappy.fr\/wp-content\/uploads\/2021\/09\/diplome-naturopathe.jpg 1085w\" sizes=\"(max-width: 767px) 89vw, (max-width: 1000px) 54vw, (max-width: 1071px) 543px, 580px\" \/><\/figure><\/div>\n\n\n\n<div class=\"wp-block-media-text is-stacked-on-mobile\"><figure class=\"wp-block-media-text__media\"><img loading=\"lazy\" decoding=\"async\" width=\"744\" height=\"1024\" src=\"https:\/\/naturoterrehappy.fr\/wp-content\/uploads\/2021\/09\/Numerisation_20210831-744x1024.jpg\" alt=\"\" class=\"wp-image-304 size-full\" srcset=\"https:\/\/naturoterrehappy.fr\/wp-content\/uploads\/2021\/09\/Numerisation_20210831-744x1024.jpg 744w, https:\/\/naturoterrehappy.fr\/wp-content\/uploads\/2021\/09\/Numerisation_20210831-218x300.jpg 218w, https:\/\/naturoterrehappy.fr\/wp-content\/uploads\/2021\/09\/Numerisation_20210831-768x1057.jpg 768w, https:\/\/naturoterrehappy.fr\/wp-content\/uploads\/2021\/09\/Numerisation_20210831-1116x1536.jpg 1116w, https:\/\/naturoterrehappy.fr\/wp-content\/uploads\/2021\/09\/Numerisation_20210831-scaled.jpg 1860w\" sizes=\"(max-width: 706px) 89vw, (max-width: 767px) 82vw, 740px\" \/><\/figure><div class=\"wp-block-media-text__content\">\n<p>2021 formation Reiki Niveaux 1 et 2 <\/p>\n<\/div><\/div>\n\n\n\n<p><\/p>\n\n\n\n<p><strong>AUTRES FORAMTIONS<\/strong><\/p>\n\n\n\n<p>Diff\u00e9rentes webforamtion depuis 2020 avec le laboratoire Herbolistique Webinaire Danielle Brossard Naturopathe et Heilpratiker<\/p>\n\n\n\n<ul>\n<li>Vieillissements et maladies oculaires<\/li>\n\n\n\n<li>Ecosyst\u00e8me intestinale et endotoxines<\/li>\n\n\n\n<li>Dermatoses et allergies cutan\u00e9es<\/li>\n\n\n\n<li>Troubles de la r\u00e9gulation cutan\u00e9e<\/li>\n\n\n\n<li>Thyro\u00efde d\u00e9finition de notre \u00e9nergie<\/li>\n\n\n\n<li>Stress et immunit\u00e9<\/li>\n<\/ul>\n\n\n\n<p>Webforamtion LPEV<\/p>\n\n\n\n<ul>\n<li>Dr Marc Beck : Infections virales, l\u2019accompagnement en phytoth\u00e9rapie et micronutrition<\/li>\n\n\n\n<li>Dr Marc Beck: Candidoses, briser le cercle vicieux des r\u00e9cidives<\/li>\n\n\n\n<li>Dr Marc Beck: D\u00e9r\u00e8glements de la thyro\u00efde, quelle prise en charge possible en phytoth\u00e9rapie et micronutrition ?<\/li>\n\n\n\n<li>Dr Marc Beck :Tout savoir sur le CBD<\/li>\n\n\n\n<li>Combattre le stress et optimiser ses capacit\u00e9s de r\u00e9silience<\/li>\n\n\n\n<li>En finir avec les troubles de l\u2019adaptation et de d\u00e9pression<\/li>\n\n\n\n<li>Gestion du poids : nouvelles approches pour une probl\u00e9matique multifactorielle<\/li>\n\n\n\n<li>Christelle Dallerac : Comment utiliser la micronutrition et la phytoth\u00e9rapie pour prendre en charge les maladies auto-immunes ?<\/li>\n\n\n\n<li>Christelle Dallerac : Comment r\u00e9ussir ses examens \u00e0 l\u2019aide de la phytoth\u00e9rapie et la micronutrition ?<\/li>\n\n\n\n<li>Christelle Dallerac : Comment bien choisir son probiotique ?<\/li>\n\n\n\n<li>Christelle Dallerac : Immunit\u00e9 : d\u00e9jouer les m\u00e9canismes auto-immuns \u00e0 l\u2019aide de la phytoth\u00e9rapie et de la micronutrition<\/li>\n\n\n\n<li>Christelle Dallerac: Nouvelles strat\u00e9gies pour la prise en charge de la candidose<\/li>\n\n\n\n<li>Christelle Dallerac : Quels actifs naturels utiliser pour accompagner les enfants et les femmes enceintes ?<\/li>\n\n\n\n<li>Perturbateurs endocriniens, comment les identifier et r\u00e9duire leurs impacts ? <\/li>\n\n\n\n<li>Thibaut Layat : Accompagnement et optimisation des performances sportives<\/li>\n\n\n\n<li>Thibaut Layat : Du sport de loisir \u00e0 la comp\u00e9tition, quel accompagnement en phytoth\u00e9rapie et micronutrition ?<\/li>\n\n\n\n<li>Thibaut Layat: Comment optimiser les b\u00e9n\u00e9fices de l\u2019exercice physique en terme de bien-\u00eatre et de performance ?<\/li>\n\n\n\n<li>Danielle Boussard : Renforcer ses capacit\u00e9s de r\u00e9silience \u00e0 l\u2019aide des plantes adaptog\u00e8nes<\/li>\n<\/ul>\n\n\n\n<p>et bien d&rsquo;autres qui prendrait beaucoup trop de place ici! <\/p>\n","protected":false},"excerpt":{"rendered":"<div id=\"wp-socials\" style=\"margin-top:20px;margin-bottom:0px;\"><div id=\"wp-socials-general-btn\"><div id=\"wp-socials-plusone\">\r\n                <!-- Place this tag in your head or just before your close body tag. -->\r\n                <script src=\"https:\/\/apis.google.com\/js\/platform.js\" async defer>\r\n                  {lang: 'fr'}\r\n                <\/script>\r\n\r\n                <!-- Place this tag where you want the share button to render. -->\r\n                <div class=\"g-plus\" data-action=\"share\" data-annotation=\"inline\" data-height=\"58\" data-size=\"small\" data-href=\"https:\/\/naturoterrehappy.fr\/index.php\/virginie-verel\/\"><\/div><\/div><\/div><div style=\"clear:both\"><\/div><\/div><p>Je suis femme, \u00e9pouse, maman de 3 merveilles; Je suis passionn\u00e9e par le savoir et la sagesse des m\u00e9decines anciennes d&rsquo;ici et d&rsquo;ailleurs et leur rapport \u00e0 la Nature; Je suis \u00e9merveill\u00e9e par le pouvoir du corps humain et les ph\u00e9nom\u00e8nes naturelles Terrestre et Cosmiques (une passion qui m\u2019a \u00e9t\u00e9 transmise par une institutrice et &hellip; <\/p>\n<p class=\"link-more\"><a href=\"https:\/\/naturoterrehappy.fr\/index.php\/virginie-verel\/\" class=\"more-link\">Continuer la lecture<span class=\"screen-reader-text\"> de &laquo;&nbsp;QUI SUIS JE ?&nbsp;&raquo;<\/span><\/a><\/p>\n","protected":false},"author":1,"featured_media":0,"parent":0,"menu_order":0,"comment_status":"closed","ping_status":"closed","template":"","meta":{"footnotes":""},"yoast_head":"<!-- This site is optimized with the Yoast SEO plugin v19.13 - https:\/\/yoast.com\/wordpress\/plugins\/seo\/ -->\n<title>QUI SUIS JE ? - Naturo Terre Happy<\/title>\n<meta name=\"robots\" content=\"index, follow, max-snippet:-1, max-image-preview:large, max-video-preview:-1\" \/>\n<link rel=\"canonical\" href=\"https:\/\/naturoterrehappy.fr\/index.php\/virginie-verel\/\" \/>\n<meta property=\"og:locale\" content=\"fr_FR\" \/>\n<meta property=\"og:type\" content=\"article\" \/>\n<meta property=\"og:title\" content=\"QUI SUIS JE ? - Naturo Terre Happy\" \/>\n<meta property=\"og:description\" content=\"Je suis femme, \u00e9pouse, maman de 3 merveilles; Je suis passionn\u00e9e par le savoir et la sagesse des m\u00e9decines anciennes d&rsquo;ici et d&rsquo;ailleurs et leur rapport \u00e0 la Nature; Je suis \u00e9merveill\u00e9e par le pouvoir du corps humain et les ph\u00e9nom\u00e8nes naturelles Terrestre et Cosmiques (une passion qui m\u2019a \u00e9t\u00e9 transmise par une institutrice et &hellip; Continuer la lecture de &laquo;&nbsp;QUI SUIS JE ?&nbsp;&raquo;\" \/>\n<meta property=\"og:url\" content=\"https:\/\/naturoterrehappy.fr\/index.php\/virginie-verel\/\" \/>\n<meta property=\"og:site_name\" content=\"Naturo Terre Happy\" \/>\n<meta property=\"article:publisher\" content=\"https:\/\/www.facebook.com\/virginie.verel\" \/>\n<meta property=\"article:modified_time\" content=\"2026-01-06T09:20:53+00:00\" \/>\n<meta property=\"og:image\" content=\"https:\/\/naturoterrehappy.fr\/wp-content\/uploads\/2021\/09\/virginie-1024x1024.jpg\" \/>\n<meta name=\"twitter:card\" content=\"summary_large_image\" \/>\n<meta name=\"twitter:label1\" content=\"Dur\u00e9e de lecture estim\u00e9e\" \/>\n\t<meta name=\"twitter:data1\" content=\"7 minutes\" \/>\n<script type=\"application\/ld+json\" class=\"yoast-schema-graph\">{\"@context\":\"https:\/\/schema.org\",\"@graph\":[{\"@type\":\"WebPage\",\"@id\":\"https:\/\/naturoterrehappy.fr\/index.php\/virginie-verel\/\",\"url\":\"https:\/\/naturoterrehappy.fr\/index.php\/virginie-verel\/\",\"name\":\"QUI SUIS JE ? - Naturo Terre Happy\",\"isPartOf\":{\"@id\":\"https:\/\/naturoterrehappy.fr\/#website\"},\"datePublished\":\"2021-10-25T06:27:08+00:00\",\"dateModified\":\"2026-01-06T09:20:53+00:00\",\"breadcrumb\":{\"@id\":\"https:\/\/naturoterrehappy.fr\/index.php\/virginie-verel\/#breadcrumb\"},\"inLanguage\":\"fr-FR\",\"potentialAction\":[{\"@type\":\"ReadAction\",\"target\":[\"https:\/\/naturoterrehappy.fr\/index.php\/virginie-verel\/\"]}]},{\"@type\":\"BreadcrumbList\",\"@id\":\"https:\/\/naturoterrehappy.fr\/index.php\/virginie-verel\/#breadcrumb\",\"itemListElement\":[{\"@type\":\"ListItem\",\"position\":1,\"name\":\"Accueil\",\"item\":\"https:\/\/naturoterrehappy.fr\/\"},{\"@type\":\"ListItem\",\"position\":2,\"name\":\"QUI SUIS JE ?\"}]},{\"@type\":\"WebSite\",\"@id\":\"https:\/\/naturoterrehappy.fr\/#website\",\"url\":\"https:\/\/naturoterrehappy.fr\/\",\"name\":\"Naturo Terre Happy\",\"description\":\"Les cl\u00e9s de la sant\u00e9:  Respecter sa Nature profonde, Respecter la Nature gu\u00e9risseuse, Respecter le vivant et ces lois\",\"publisher\":{\"@id\":\"https:\/\/naturoterrehappy.fr\/#\/schema\/person\/8bf7540304db646eac9c6271483f14f5\"},\"potentialAction\":[{\"@type\":\"SearchAction\",\"target\":{\"@type\":\"EntryPoint\",\"urlTemplate\":\"https:\/\/naturoterrehappy.fr\/?s={search_term_string}\"},\"query-input\":\"required name=search_term_string\"}],\"inLanguage\":\"fr-FR\"},{\"@type\":[\"Person\",\"Organization\"],\"@id\":\"https:\/\/naturoterrehappy.fr\/#\/schema\/person\/8bf7540304db646eac9c6271483f14f5\",\"name\":\"admin8212\",\"image\":{\"@type\":\"ImageObject\",\"inLanguage\":\"fr-FR\",\"@id\":\"https:\/\/naturoterrehappy.fr\/#\/schema\/person\/image\/\",\"url\":\"https:\/\/secure.gravatar.com\/avatar\/8ea9e5229c1252336ff46e6df56d34ff?s=96&d=mm&r=g\",\"contentUrl\":\"https:\/\/secure.gravatar.com\/avatar\/8ea9e5229c1252336ff46e6df56d34ff?s=96&d=mm&r=g\",\"caption\":\"admin8212\"},\"logo\":{\"@id\":\"https:\/\/naturoterrehappy.fr\/#\/schema\/person\/image\/\"},\"sameAs\":[\"http:\/\/naturoterrehappy.fr\",\"https:\/\/www.facebook.com\/virginie.verel\",\"https:\/\/www.instagram.com\/virginieverel.naturoterrehappy\/\",\"https:\/\/www.linkedin.com\/in\/virginie-verel-a68254211\/\",\"https:\/\/www.pinterest.fr\/Naturoterrehappy\/\",\"https:\/\/www.youtube.com\/channel\/UC322SLWURYVRVehV1hT8ubw\"]}]}<\/script>\n<!-- \/ Yoast SEO plugin. -->","yoast_head_json":{"title":"QUI SUIS JE ? - Naturo Terre Happy","robots":{"index":"index","follow":"follow","max-snippet":"max-snippet:-1","max-image-preview":"max-image-preview:large","max-video-preview":"max-video-preview:-1"},"canonical":"https:\/\/naturoterrehappy.fr\/index.php\/virginie-verel\/","og_locale":"fr_FR","og_type":"article","og_title":"QUI SUIS JE ? - Naturo Terre Happy","og_description":"Je suis femme, \u00e9pouse, maman de 3 merveilles; Je suis passionn\u00e9e par le savoir et la sagesse des m\u00e9decines anciennes d&rsquo;ici et d&rsquo;ailleurs et leur rapport \u00e0 la Nature; Je suis \u00e9merveill\u00e9e par le pouvoir du corps humain et les ph\u00e9nom\u00e8nes naturelles Terrestre et Cosmiques (une passion qui m\u2019a \u00e9t\u00e9 transmise par une institutrice et &hellip; Continuer la lecture de &laquo;&nbsp;QUI SUIS JE ?&nbsp;&raquo;","og_url":"https:\/\/naturoterrehappy.fr\/index.php\/virginie-verel\/","og_site_name":"Naturo Terre Happy","article_publisher":"https:\/\/www.facebook.com\/virginie.verel","article_modified_time":"2026-01-06T09:20:53+00:00","og_image":[{"url":"https:\/\/naturoterrehappy.fr\/wp-content\/uploads\/2021\/09\/virginie-1024x1024.jpg"}],"twitter_card":"summary_large_image","twitter_misc":{"Dur\u00e9e de lecture estim\u00e9e":"7 minutes"},"schema":{"@context":"https:\/\/schema.org","@graph":[{"@type":"WebPage","@id":"https:\/\/naturoterrehappy.fr\/index.php\/virginie-verel\/","url":"https:\/\/naturoterrehappy.fr\/index.php\/virginie-verel\/","name":"QUI SUIS JE ? - Naturo Terre Happy","isPartOf":{"@id":"https:\/\/naturoterrehappy.fr\/#website"},"datePublished":"2021-10-25T06:27:08+00:00","dateModified":"2026-01-06T09:20:53+00:00","breadcrumb":{"@id":"https:\/\/naturoterrehappy.fr\/index.php\/virginie-verel\/#breadcrumb"},"inLanguage":"fr-FR","potentialAction":[{"@type":"ReadAction","target":["https:\/\/naturoterrehappy.fr\/index.php\/virginie-verel\/"]}]},{"@type":"BreadcrumbList","@id":"https:\/\/naturoterrehappy.fr\/index.php\/virginie-verel\/#breadcrumb","itemListElement":[{"@type":"ListItem","position":1,"name":"Accueil","item":"https:\/\/naturoterrehappy.fr\/"},{"@type":"ListItem","position":2,"name":"QUI SUIS JE ?"}]},{"@type":"WebSite","@id":"https:\/\/naturoterrehappy.fr\/#website","url":"https:\/\/naturoterrehappy.fr\/","name":"Naturo Terre Happy","description":"Les cl\u00e9s de la sant\u00e9:  Respecter sa Nature profonde, Respecter la Nature gu\u00e9risseuse, Respecter le vivant et ces lois","publisher":{"@id":"https:\/\/naturoterrehappy.fr\/#\/schema\/person\/8bf7540304db646eac9c6271483f14f5"},"potentialAction":[{"@type":"SearchAction","target":{"@type":"EntryPoint","urlTemplate":"https:\/\/naturoterrehappy.fr\/?s={search_term_string}"},"query-input":"required name=search_term_string"}],"inLanguage":"fr-FR"},{"@type":["Person","Organization"],"@id":"https:\/\/naturoterrehappy.fr\/#\/schema\/person\/8bf7540304db646eac9c6271483f14f5","name":"admin8212","image":{"@type":"ImageObject","inLanguage":"fr-FR","@id":"https:\/\/naturoterrehappy.fr\/#\/schema\/person\/image\/","url":"https:\/\/secure.gravatar.com\/avatar\/8ea9e5229c1252336ff46e6df56d34ff?s=96&d=mm&r=g","contentUrl":"https:\/\/secure.gravatar.com\/avatar\/8ea9e5229c1252336ff46e6df56d34ff?s=96&d=mm&r=g","caption":"admin8212"},"logo":{"@id":"https:\/\/naturoterrehappy.fr\/#\/schema\/person\/image\/"},"sameAs":["http:\/\/naturoterrehappy.fr","https:\/\/www.facebook.com\/virginie.verel","https:\/\/www.instagram.com\/virginieverel.naturoterrehappy\/","https:\/\/www.linkedin.com\/in\/virginie-verel-a68254211\/","https:\/\/www.pinterest.fr\/Naturoterrehappy\/","https:\/\/www.youtube.com\/channel\/UC322SLWURYVRVehV1hT8ubw"]}]}},"_links":{"self":[{"href":"https:\/\/naturoterrehappy.fr\/index.php\/wp-json\/wp\/v2\/pages\/449"}],"collection":[{"href":"https:\/\/naturoterrehappy.fr\/index.php\/wp-json\/wp\/v2\/pages"}],"about":[{"href":"https:\/\/naturoterrehappy.fr\/index.php\/wp-json\/wp\/v2\/types\/page"}],"author":[{"embeddable":true,"href":"https:\/\/naturoterrehappy.fr\/index.php\/wp-json\/wp\/v2\/users\/1"}],"replies":[{"embeddable":true,"href":"https:\/\/naturoterrehappy.fr\/index.php\/wp-json\/wp\/v2\/comments?post=449"}],"version-history":[{"count":11,"href":"https:\/\/naturoterrehappy.fr\/index.php\/wp-json\/wp\/v2\/pages\/449\/revisions"}],"predecessor-version":[{"id":1613,"href":"https:\/\/naturoterrehappy.fr\/index.php\/wp-json\/wp\/v2\/pages\/449\/revisions\/1613"}],"wp:attachment":[{"href":"https:\/\/naturoterrehappy.fr\/index.php\/wp-json\/wp\/v2\/media?parent=449"}],"curies":[{"name":"wp","href":"https:\/\/api.w.org\/{rel}","templated":true}]}}