{"id":653,"date":"2022-09-30T12:20:42","date_gmt":"2022-09-30T10:20:42","guid":{"rendered":"https:\/\/naturoterrehappy.fr\/?page_id=653"},"modified":"2026-01-06T14:06:25","modified_gmt":"2026-01-06T13:06:25","slug":"blog-4","status":"publish","type":"page","link":"https:\/\/naturoterrehappy.fr\/","title":{"rendered":"ACCUEIL"},"content":{"rendered":"<div id=\"wp-socials\" style=\"margin-top:20px;margin-bottom:0px;\"><div id=\"wp-socials-general-btn\"><div id=\"wp-socials-plusone\">\r\n                <!-- Place this tag in your head or just before your close body tag. -->\r\n                <script src=\"https:\/\/apis.google.com\/js\/platform.js\" async defer>\r\n                  {lang: 'fr'}\r\n                <\/script>\r\n\r\n                <!-- Place this tag where you want the share button to render. -->\r\n                <div class=\"g-plus\" data-action=\"share\" data-annotation=\"inline\" data-height=\"58\" data-size=\"small\" data-href=\"https:\/\/naturoterrehappy.fr\/\"><\/div><\/div><\/div><div style=\"clear:both\"><\/div><\/div><div class=\"wp-block-image is-style-rounded\">\n<figure class=\"aligncenter size-full is-resized\"><img loading=\"lazy\" decoding=\"async\" width=\"490\" height=\"359\" src=\"https:\/\/naturoterrehappy.fr\/wp-content\/uploads\/2025\/12\/logo-naturo-energeticienne-4-modifie-le-16-12-2025-1.jpg\" alt=\"\" class=\"wp-image-1491\" style=\"aspect-ratio:1.184;width:280px;height:auto\" srcset=\"https:\/\/naturoterrehappy.fr\/wp-content\/uploads\/2025\/12\/logo-naturo-energeticienne-4-modifie-le-16-12-2025-1.jpg 490w, https:\/\/naturoterrehappy.fr\/wp-content\/uploads\/2025\/12\/logo-naturo-energeticienne-4-modifie-le-16-12-2025-1-300x220.jpg 300w\" sizes=\"(max-width: 490px) 100vw, 490px\" \/><\/figure><\/div>\n\n\n<div class=\"wp-block-media-text alignwide is-stacked-on-mobile is-style-rounded\"><figure class=\"wp-block-media-text__media\"><img loading=\"lazy\" decoding=\"async\" width=\"1024\" height=\"1024\" src=\"https:\/\/naturoterrehappy.fr\/wp-content\/uploads\/2021\/10\/18-09-2020-1024x1024.jpg\" alt=\"\" class=\"wp-image-453 size-full\" srcset=\"https:\/\/naturoterrehappy.fr\/wp-content\/uploads\/2021\/10\/18-09-2020-1024x1024.jpg 1024w, https:\/\/naturoterrehappy.fr\/wp-content\/uploads\/2021\/10\/18-09-2020-300x300.jpg 300w, https:\/\/naturoterrehappy.fr\/wp-content\/uploads\/2021\/10\/18-09-2020-150x150.jpg 150w, https:\/\/naturoterrehappy.fr\/wp-content\/uploads\/2021\/10\/18-09-2020-768x768.jpg 768w, https:\/\/naturoterrehappy.fr\/wp-content\/uploads\/2021\/10\/18-09-2020-100x100.jpg 100w, https:\/\/naturoterrehappy.fr\/wp-content\/uploads\/2021\/10\/18-09-2020.jpg 1080w\" sizes=\"(max-width: 767px) 89vw, (max-width: 1000px) 54vw, (max-width: 1071px) 543px, 580px\" \/><\/figure><div class=\"wp-block-media-text__content\">\n<p><strong>Bienvenue !<\/strong><\/p>\n\n\n\n<p>Je suis Virginie  cr\u00e9atrice de<\/p>\n\n\n\n<h2 class=\"wp-block-heading has-text-align-center\"><mark style=\"background-color:rgba(0, 0, 0, 0);color:#8d4065\" class=\"has-inline-color\">\u00a0<strong>Naturo Terre Happy<\/strong><\/mark><\/h2>\n\n\n\n<p class=\"has-text-align-center\">J\u2019exerce aujourd\u2019hui le m\u00e9tier de<b>&nbsp;<\/b><mark style=\"background-color: rgba(0, 0, 0, 0); color: rgb(141, 64, 101);\" class=\"has-inline-color\"><b>Naturopathe<\/b><\/mark> &amp;<strong>&nbsp;<mark style=\"background-color:rgba(0, 0, 0, 0);color:#94a35e\" class=\"has-inline-color\">Energ\u00e9ticienne <\/mark><\/strong><\/p>\n\n\n\n<p class=\"has-text-align-center\"><strong><mark style=\"background-color:rgba(0, 0, 0, 0);color:#8d4065\" class=\"has-inline-color\">Ma sp\u00e9cialit\u00e9 l&rsquo;approche psycho \u00e9motionnelle et mentale au naturel<\/mark><\/strong><\/p>\n<\/div><\/div>\n\n\n\n<p>J<strong>&lsquo;<\/strong>accompagne et je soutiens les personnes \u00e0 <strong> comprendre, r\u00e9guler et soutenir ses \u00e9tats \u00e9motionnels et mentaux<\/strong> en lien avec le corps, sans poser de diagnostic m\u00e9dical, psychologique ou psychiatrique.<\/p>\n\n\n\n<p>J&rsquo;accompagne les personnes qui ressentent le besoin de <strong>retrouver un \u00e9quilibre int\u00e9rieur<\/strong>, d\u2019<strong>apaiser leurs \u00e9motions et leur mental<\/strong>, et de <strong>se reconnecter \u00e0 leur corps et \u00e0 leur \u00e9nergie<\/strong>, <strong>\u00e0 leur nature profonde<\/strong>.<\/p>\n\n\n\n<p class=\"has-text-align-center\">Mon approche repose sur un principe simple et fondamental :<\/p>\n\n\n\n<p class=\"has-text-align-center\"><strong><mark style=\"background-color:rgba(0, 0, 0, 0);color:#8d4065\" class=\"has-inline-color\">Le corps n\u2019est pas une machine d\u00e9faillante \u00e0 r\u00e9parer. <br>Il est un syst\u00e8me vivant, intelligent, sensible, porteur de messages<\/mark><\/strong> <mark style=\"background-color:rgba(0, 0, 0, 0);color:#8d4065\" class=\"has-inline-color\"><strong>et surtout capable de s&rsquo;autor\u00e9guler lorsqu\u2019il re\u00e7oit les conditions n\u00e9cessaires.<\/strong><\/mark><\/p>\n\n\n\n<p>Lorsque le stress, l\u2019anxi\u00e9t\u00e9 ou l\u2019\u00e9puisement s\u2019installent, ce sont des <strong>r\u00e9ponses d\u2019adaptation du corps et du syst\u00e8me nerveux<\/strong> \u00e0 une surcharge. <\/p>\n\n\n\n<p>Mon r\u00f4le est de vous aider \u00e0 <strong>comprendre ces m\u00e9canismes et \u00e0 soutenir les capacit\u00e9s naturelles d\u2019\u00e9quilibre<\/strong>, dans le respect du cadre l\u00e9gal de la naturopathie et sans acte m\u00e9dical ni diagnostic.<\/p>\n\n\n\n<h2 class=\"wp-block-heading has-text-align-center\"><strong><mark style=\"background-color:rgba(0, 0, 0, 0);color:#8d4065\" class=\"has-inline-color\">Une approche globale du vivant<\/mark><\/strong><\/h2>\n\n\n\n<p><img loading=\"lazy\" decoding=\"async\" height=\"16\" width=\"16\" src=\"https:\/\/static.xx.fbcdn.net\/images\/emoji.php\/v9\/t1e\/1\/16\/1f33f.png\" alt=\"\ud83c\udf3f\"> Parce que la vie ne doit pas \u00eatre un combat permanent,<br>mais une exp\u00e9rience vivante, consciente et profond\u00e9ment humaine.<\/p>\n\n\n\n<p><img loading=\"lazy\" decoding=\"async\" height=\"16\" width=\"16\" src=\"https:\/\/static.xx.fbcdn.net\/images\/emoji.php\/v9\/t1e\/1\/16\/1f33f.png\" alt=\"\ud83c\udf3f\"> Parce que nous faisons partie int\u00e9grante du monde vivant, qu\u2019en prenant soin de nos besoins fondamentaux \u2014 physiques, \u00e9motionnels, mentaux, \u00e9nerg\u00e9tiques et environnementaux \u2014 nous cr\u00e9ons les conditions naturelles de l\u2019\u00e9quilibre et de la vitalit\u00e9. <\/p>\n\n\n\n<p><img loading=\"lazy\" decoding=\"async\" height=\"16\" width=\"16\" src=\"https:\/\/static.xx.fbcdn.net\/images\/emoji.php\/v9\/t1e\/1\/16\/1f33f.png\" alt=\"\ud83c\udf3f\"> Chaque \u00eatre vivant poss\u00e8de en lui un <strong>m\u00e9decin int\u00e9rieur<\/strong>, une f<strong>orce naturelle d&rsquo;autor\u00e9gulation<\/strong>, une sagesse int\u00e9rieure capable de r\u00e9g\u00e9n\u00e9rer et d&rsquo;harmoniser, souvent oubli\u00e9e ou \u00e9touff\u00e9e par les rythmes et les exigences du quotidien.<br>Mon r\u00f4le n\u2019est pas de faire \u00e0 votre place, mais de <strong>soutenir cette force<\/strong>, de l\u2019accompagner, de l\u2019activer et de  lui redonner de l\u2019espace, des ressources et du temps c o\u00f9 elle peut pleinement s\u2019exprimer. <\/p>\n\n\n\n<p>Mon approche est <strong>holistique<\/strong>  repose sur ma sensibilit\u00e9 tr\u00e8s pr\u00e9sente chez moi et que je choisis de d\u00e9velopper et d&rsquo;utiliser, ainsi que des techniques ancestrales et les connaissances r\u00e9centes des derni\u00e8res recherches scientifiques afin  d&rsquo;accompagner chacun \u00e0 <strong>devenir autonome et \u00e0 retrouver sa force int\u00e9rieure<\/strong>.<\/p>\n\n\n\n<blockquote class=\"wp-block-quote\">\n<p class=\"has-text-align-center\"><em><strong><mark style=\"background-color:rgba(0, 0, 0, 0);color:#94a35e\" class=\"has-inline-color\">Le corps sait s\u2019adapter.                                                                                                                          Mon accompagnement consiste \u00e0 lui redonner                                                                                les conditions pour retrouver l\u2019\u00e9quilibre.<\/mark><\/strong><\/em><\/p>\n<\/blockquote>\n\n\n\n<h2 class=\"wp-block-heading has-text-align-center\"><strong><mark style=\"background-color:rgba(0, 0, 0, 0);color:#94a35e\" class=\"has-inline-color\">Ce que je vous propose<\/mark><\/strong><\/h2>\n\n\n\n<p class=\"has-text-align-center\"><strong><mark style=\"background-color:rgba(0, 0, 0, 0);color:#8d4065\" class=\"has-inline-color\">Un espace pour ralentir, \u00e9couter, comprendre, explorer<\/mark><\/strong><\/p>\n\n\n\n<p>Chaque consultation est un moment pour redevenir acteur de votre \u00e9quilibre et soutenir votre sant\u00e9 naturelle.<\/p>\n\n\n\n<p>Un accompagnement global, personnalis\u00e9 et respectueux de votre rythme, qui prend en compte :<\/p>\n\n\n\n<p><img loading=\"lazy\" decoding=\"async\" height=\"16\" width=\"16\" src=\"https:\/\/static.xx.fbcdn.net\/images\/emoji.php\/v9\/t1e\/1\/16\/1f33f.png\" alt=\"\ud83c\udf3f\"> la <strong>relation<\/strong> \u00e0 votre corps, ses <strong>signaux et d\u00e9s\u00e9quilibres<\/strong><\/p>\n\n\n\n<p><br><img loading=\"lazy\" decoding=\"async\" height=\"16\" width=\"16\" src=\"https:\/\/static.xx.fbcdn.net\/images\/emoji.php\/v9\/t1e\/1\/16\/1f33f.png\" alt=\"\ud83c\udf3f\"> l\u2019\u00e9quilibre entre le <strong>physique, le psycho-\u00e9motionnel et l\u2019\u00e9nerg\u00e9tique<\/strong>,<\/p>\n\n\n\n<p><br><img loading=\"lazy\" decoding=\"async\" height=\"16\" width=\"16\" src=\"https:\/\/static.xx.fbcdn.net\/images\/emoji.php\/v9\/t1e\/1\/16\/1f33f.png\" alt=\"\ud83c\udf3f\"> l\u2019<strong>\u00e9nergie et l\u2019environnement de vie<\/strong><\/p>\n\n\n\n<p><img loading=\"lazy\" decoding=\"async\" height=\"16\" width=\"16\" src=\"https:\/\/static.xx.fbcdn.net\/images\/emoji.php\/v9\/t1e\/1\/16\/1f33f.png\" alt=\"\ud83c\udf3f\"> les <strong>rythmes naturels et les cycles<\/strong>, et vos besoins profonds <\/p>\n\n\n\n<p><br><img loading=\"lazy\" decoding=\"async\" height=\"16\" width=\"16\" src=\"https:\/\/static.xx.fbcdn.net\/images\/emoji.php\/v9\/t1e\/1\/16\/1f33f.png\" alt=\"\ud83c\udf3f\"> une approche consciente de la sant\u00e9 mentale et \u00e9motionnelle.<\/p>\n\n\n\n<p>Chaque accompagnement est <strong>personnalis\u00e9<\/strong>, respectueux de votre rythme, de votre sensibilit\u00e9 et de votre \u00e9nergie.<\/p>\n\n\n\n<p>Il n\u2019y a pas d\u2019injonction, pas de performance \u00e0 atteindre. Seulement un espace pour <strong>observer, comprendre et soutenir le vivant en vous<\/strong>.<\/p>\n\n\n\n<h3 class=\"wp-block-heading has-text-align-center\"> <mark style=\"background-color:rgba(0, 0, 0, 0);color:#8d4065\" class=\"has-inline-color\"><strong>Un chemin de reconnexion<\/strong><\/mark><\/h3>\n\n\n\n<p>Si vous sentez que quelque chose en vous appelle \u00e0 plus de coh\u00e9rence, de douceur et de sens\u2026<br>Si vous avez l\u2019intuition que votre corps sait d\u00e9j\u00e0, mais qu\u2019il a besoin de conditions justes pour s\u2019exprimer\u2026<\/p>\n\n\n\n<p>Alors vous \u00eates au bon endroit.<\/p>\n\n\n\n<p>Ensemble, nous pouvons poser les bases d\u2019un \u00e9quilibre durable, conscient et profond\u00e9ment respectueux du vivant.<\/p>\n\n\n\n<p> <img loading=\"lazy\" decoding=\"async\" height=\"16\" width=\"16\" src=\"https:\/\/static.xx.fbcdn.net\/images\/emoji.php\/v9\/t1e\/1\/16\/1f33f.png\" alt=\"\ud83c\udf3f\">Si vous souhaitez mieux comprendre votre fonctionnement, l\u2019impact de votre environnement, et mettre en place des actions pour <strong>retrouver \u00e9quilibre, \u00e9nergie et vitalit\u00e9<\/strong>,  je vous invite \u00e0 prendre <a href=\"https:\/\/naturoterrehappy.fr\/index.php\/contact-et-prise-de-rendez-vous\/\">rendez vous<\/a> pour une consultation personnalis\u00e9e. <\/p>\n\n\n\n<p><img loading=\"lazy\" decoding=\"async\" height=\"16\" width=\"16\" src=\"https:\/\/static.xx.fbcdn.net\/images\/emoji.php\/v9\/t1e\/1\/16\/1f33f.png\" alt=\"\ud83c\udf3f\">\u00ab soit le changement que tu veux voir dans ce monde \u00bb Gandhi<\/p>\n\n\n\n<p>Avec bienveillance, <\/p>\n\n\n\n<p> Virginie <img loading=\"lazy\" decoding=\"async\" width=\"87\" height=\"80\" class=\"wp-image-1476\" style=\"width: 20px;\" src=\"https:\/\/naturoterrehappy.fr\/wp-content\/uploads\/2025\/12\/emoji-plume.jpg\" alt=\"\"><\/p>\n","protected":false},"excerpt":{"rendered":"<div id=\"wp-socials\" style=\"margin-top:20px;margin-bottom:0px;\"><div id=\"wp-socials-general-btn\"><div id=\"wp-socials-plusone\">\r\n                <!-- Place this tag in your head or just before your close body tag. -->\r\n                <script src=\"https:\/\/apis.google.com\/js\/platform.js\" async defer>\r\n                  {lang: 'fr'}\r\n                <\/script>\r\n\r\n                <!-- Place this tag where you want the share button to render. -->\r\n                <div class=\"g-plus\" data-action=\"share\" data-annotation=\"inline\" data-height=\"58\" data-size=\"small\" data-href=\"https:\/\/naturoterrehappy.fr\/\"><\/div><\/div><\/div><div style=\"clear:both\"><\/div><\/div><p>Bienvenue ! Je suis Virginie cr\u00e9atrice de \u00a0Naturo Terre Happy J\u2019exerce aujourd\u2019hui le m\u00e9tier de&nbsp;Naturopathe &amp;&nbsp;Energ\u00e9ticienne Ma sp\u00e9cialit\u00e9 l&rsquo;approche psycho \u00e9motionnelle et mentale au naturel J&lsquo;accompagne et je soutiens les personnes \u00e0 comprendre, r\u00e9guler et soutenir ses \u00e9tats \u00e9motionnels et mentaux en lien avec le corps, sans poser de diagnostic m\u00e9dical, psychologique ou psychiatrique. J&rsquo;accompagne &hellip; <\/p>\n<p class=\"link-more\"><a href=\"https:\/\/naturoterrehappy.fr\/\" class=\"more-link\">Continuer la lecture<span class=\"screen-reader-text\"> de &laquo;&nbsp;ACCUEIL&nbsp;&raquo;<\/span><\/a><\/p>\n","protected":false},"author":1,"featured_media":1384,"parent":0,"menu_order":0,"comment_status":"closed","ping_status":"closed","template":"","meta":{"footnotes":""},"yoast_head":"<!-- This site is optimized with the Yoast SEO plugin v19.13 - https:\/\/yoast.com\/wordpress\/plugins\/seo\/ -->\n<title>ACCUEIL - Naturo Terre Happy<\/title>\n<meta name=\"robots\" content=\"index, follow, max-snippet:-1, max-image-preview:large, max-video-preview:-1\" \/>\n<link rel=\"canonical\" href=\"https:\/\/naturoterrehappy.fr\/\" \/>\n<meta property=\"og:locale\" content=\"fr_FR\" \/>\n<meta property=\"og:type\" content=\"article\" \/>\n<meta property=\"og:title\" content=\"ACCUEIL - Naturo Terre Happy\" \/>\n<meta property=\"og:description\" content=\"Bienvenue ! Je suis Virginie cr\u00e9atrice de \u00a0Naturo Terre Happy J\u2019exerce aujourd\u2019hui le m\u00e9tier de&nbsp;Naturopathe &amp;&nbsp;Energ\u00e9ticienne Ma sp\u00e9cialit\u00e9 l&rsquo;approche psycho \u00e9motionnelle et mentale au naturel J&lsquo;accompagne et je soutiens les personnes \u00e0 comprendre, r\u00e9guler et soutenir ses \u00e9tats \u00e9motionnels et mentaux en lien avec le corps, sans poser de diagnostic m\u00e9dical, psychologique ou psychiatrique. J&rsquo;accompagne &hellip; Continuer la lecture de &laquo;&nbsp;ACCUEIL&nbsp;&raquo;\" \/>\n<meta property=\"og:url\" content=\"https:\/\/naturoterrehappy.fr\/\" \/>\n<meta property=\"og:site_name\" content=\"Naturo Terre Happy\" \/>\n<meta property=\"article:publisher\" content=\"https:\/\/www.facebook.com\/virginie.verel\" \/>\n<meta property=\"article:modified_time\" content=\"2026-01-06T13:06:25+00:00\" \/>\n<meta property=\"og:image\" content=\"https:\/\/naturoterrehappy.fr\/wp-content\/uploads\/2024\/02\/NATURO-TERRE-HAPPY-7.1-1024x576.png\" \/>\n\t<meta property=\"og:image:width\" content=\"1024\" \/>\n\t<meta property=\"og:image:height\" content=\"576\" \/>\n\t<meta property=\"og:image:type\" content=\"image\/png\" \/>\n<meta name=\"twitter:card\" content=\"summary_large_image\" \/>\n<meta name=\"twitter:label1\" content=\"Dur\u00e9e de lecture estim\u00e9e\" \/>\n\t<meta name=\"twitter:data1\" content=\"4 minutes\" \/>\n<script type=\"application\/ld+json\" class=\"yoast-schema-graph\">{\"@context\":\"https:\/\/schema.org\",\"@graph\":[{\"@type\":\"WebPage\",\"@id\":\"https:\/\/naturoterrehappy.fr\/\",\"url\":\"https:\/\/naturoterrehappy.fr\/\",\"name\":\"ACCUEIL - Naturo Terre Happy\",\"isPartOf\":{\"@id\":\"https:\/\/naturoterrehappy.fr\/#website\"},\"datePublished\":\"2022-09-30T10:20:42+00:00\",\"dateModified\":\"2026-01-06T13:06:25+00:00\",\"breadcrumb\":{\"@id\":\"https:\/\/naturoterrehappy.fr\/#breadcrumb\"},\"inLanguage\":\"fr-FR\",\"potentialAction\":[{\"@type\":\"ReadAction\",\"target\":[\"https:\/\/naturoterrehappy.fr\/\"]}]},{\"@type\":\"BreadcrumbList\",\"@id\":\"https:\/\/naturoterrehappy.fr\/#breadcrumb\",\"itemListElement\":[{\"@type\":\"ListItem\",\"position\":1,\"name\":\"Accueil\",\"item\":\"https:\/\/naturoterrehappy.fr\/\"},{\"@type\":\"ListItem\",\"position\":2,\"name\":\"ACCUEIL\"}]},{\"@type\":\"WebSite\",\"@id\":\"https:\/\/naturoterrehappy.fr\/#website\",\"url\":\"https:\/\/naturoterrehappy.fr\/\",\"name\":\"Naturo Terre Happy\",\"description\":\"Les cl\u00e9s de la sant\u00e9:  Respecter sa Nature profonde, Respecter la Nature gu\u00e9risseuse, Respecter le vivant et ces lois\",\"publisher\":{\"@id\":\"https:\/\/naturoterrehappy.fr\/#\/schema\/person\/8bf7540304db646eac9c6271483f14f5\"},\"potentialAction\":[{\"@type\":\"SearchAction\",\"target\":{\"@type\":\"EntryPoint\",\"urlTemplate\":\"https:\/\/naturoterrehappy.fr\/?s={search_term_string}\"},\"query-input\":\"required name=search_term_string\"}],\"inLanguage\":\"fr-FR\"},{\"@type\":[\"Person\",\"Organization\"],\"@id\":\"https:\/\/naturoterrehappy.fr\/#\/schema\/person\/8bf7540304db646eac9c6271483f14f5\",\"name\":\"admin8212\",\"image\":{\"@type\":\"ImageObject\",\"inLanguage\":\"fr-FR\",\"@id\":\"https:\/\/naturoterrehappy.fr\/#\/schema\/person\/image\/\",\"url\":\"https:\/\/secure.gravatar.com\/avatar\/8ea9e5229c1252336ff46e6df56d34ff?s=96&d=mm&r=g\",\"contentUrl\":\"https:\/\/secure.gravatar.com\/avatar\/8ea9e5229c1252336ff46e6df56d34ff?s=96&d=mm&r=g\",\"caption\":\"admin8212\"},\"logo\":{\"@id\":\"https:\/\/naturoterrehappy.fr\/#\/schema\/person\/image\/\"},\"sameAs\":[\"http:\/\/naturoterrehappy.fr\",\"https:\/\/www.facebook.com\/virginie.verel\",\"https:\/\/www.instagram.com\/virginieverel.naturoterrehappy\/\",\"https:\/\/www.linkedin.com\/in\/virginie-verel-a68254211\/\",\"https:\/\/www.pinterest.fr\/Naturoterrehappy\/\",\"https:\/\/www.youtube.com\/channel\/UC322SLWURYVRVehV1hT8ubw\"]}]}<\/script>\n<!-- \/ Yoast SEO plugin. -->","yoast_head_json":{"title":"ACCUEIL - Naturo Terre Happy","robots":{"index":"index","follow":"follow","max-snippet":"max-snippet:-1","max-image-preview":"max-image-preview:large","max-video-preview":"max-video-preview:-1"},"canonical":"https:\/\/naturoterrehappy.fr\/","og_locale":"fr_FR","og_type":"article","og_title":"ACCUEIL - Naturo Terre Happy","og_description":"Bienvenue ! Je suis Virginie cr\u00e9atrice de \u00a0Naturo Terre Happy J\u2019exerce aujourd\u2019hui le m\u00e9tier de&nbsp;Naturopathe &amp;&nbsp;Energ\u00e9ticienne Ma sp\u00e9cialit\u00e9 l&rsquo;approche psycho \u00e9motionnelle et mentale au naturel J&lsquo;accompagne et je soutiens les personnes \u00e0 comprendre, r\u00e9guler et soutenir ses \u00e9tats \u00e9motionnels et mentaux en lien avec le corps, sans poser de diagnostic m\u00e9dical, psychologique ou psychiatrique. J&rsquo;accompagne &hellip; Continuer la lecture de &laquo;&nbsp;ACCUEIL&nbsp;&raquo;","og_url":"https:\/\/naturoterrehappy.fr\/","og_site_name":"Naturo Terre Happy","article_publisher":"https:\/\/www.facebook.com\/virginie.verel","article_modified_time":"2026-01-06T13:06:25+00:00","og_image":[{"width":1024,"height":576,"url":"https:\/\/naturoterrehappy.fr\/wp-content\/uploads\/2024\/02\/NATURO-TERRE-HAPPY-7.1-1024x576.png","type":"image\/png"}],"twitter_card":"summary_large_image","twitter_misc":{"Dur\u00e9e de lecture estim\u00e9e":"4 minutes"},"schema":{"@context":"https:\/\/schema.org","@graph":[{"@type":"WebPage","@id":"https:\/\/naturoterrehappy.fr\/","url":"https:\/\/naturoterrehappy.fr\/","name":"ACCUEIL - Naturo Terre Happy","isPartOf":{"@id":"https:\/\/naturoterrehappy.fr\/#website"},"datePublished":"2022-09-30T10:20:42+00:00","dateModified":"2026-01-06T13:06:25+00:00","breadcrumb":{"@id":"https:\/\/naturoterrehappy.fr\/#breadcrumb"},"inLanguage":"fr-FR","potentialAction":[{"@type":"ReadAction","target":["https:\/\/naturoterrehappy.fr\/"]}]},{"@type":"BreadcrumbList","@id":"https:\/\/naturoterrehappy.fr\/#breadcrumb","itemListElement":[{"@type":"ListItem","position":1,"name":"Accueil","item":"https:\/\/naturoterrehappy.fr\/"},{"@type":"ListItem","position":2,"name":"ACCUEIL"}]},{"@type":"WebSite","@id":"https:\/\/naturoterrehappy.fr\/#website","url":"https:\/\/naturoterrehappy.fr\/","name":"Naturo Terre Happy","description":"Les cl\u00e9s de la sant\u00e9:  Respecter sa Nature profonde, Respecter la Nature gu\u00e9risseuse, Respecter le vivant et ces lois","publisher":{"@id":"https:\/\/naturoterrehappy.fr\/#\/schema\/person\/8bf7540304db646eac9c6271483f14f5"},"potentialAction":[{"@type":"SearchAction","target":{"@type":"EntryPoint","urlTemplate":"https:\/\/naturoterrehappy.fr\/?s={search_term_string}"},"query-input":"required name=search_term_string"}],"inLanguage":"fr-FR"},{"@type":["Person","Organization"],"@id":"https:\/\/naturoterrehappy.fr\/#\/schema\/person\/8bf7540304db646eac9c6271483f14f5","name":"admin8212","image":{"@type":"ImageObject","inLanguage":"fr-FR","@id":"https:\/\/naturoterrehappy.fr\/#\/schema\/person\/image\/","url":"https:\/\/secure.gravatar.com\/avatar\/8ea9e5229c1252336ff46e6df56d34ff?s=96&d=mm&r=g","contentUrl":"https:\/\/secure.gravatar.com\/avatar\/8ea9e5229c1252336ff46e6df56d34ff?s=96&d=mm&r=g","caption":"admin8212"},"logo":{"@id":"https:\/\/naturoterrehappy.fr\/#\/schema\/person\/image\/"},"sameAs":["http:\/\/naturoterrehappy.fr","https:\/\/www.facebook.com\/virginie.verel","https:\/\/www.instagram.com\/virginieverel.naturoterrehappy\/","https:\/\/www.linkedin.com\/in\/virginie-verel-a68254211\/","https:\/\/www.pinterest.fr\/Naturoterrehappy\/","https:\/\/www.youtube.com\/channel\/UC322SLWURYVRVehV1hT8ubw"]}]}},"_links":{"self":[{"href":"https:\/\/naturoterrehappy.fr\/index.php\/wp-json\/wp\/v2\/pages\/653"}],"collection":[{"href":"https:\/\/naturoterrehappy.fr\/index.php\/wp-json\/wp\/v2\/pages"}],"about":[{"href":"https:\/\/naturoterrehappy.fr\/index.php\/wp-json\/wp\/v2\/types\/page"}],"author":[{"embeddable":true,"href":"https:\/\/naturoterrehappy.fr\/index.php\/wp-json\/wp\/v2\/users\/1"}],"replies":[{"embeddable":true,"href":"https:\/\/naturoterrehappy.fr\/index.php\/wp-json\/wp\/v2\/comments?post=653"}],"version-history":[{"count":40,"href":"https:\/\/naturoterrehappy.fr\/index.php\/wp-json\/wp\/v2\/pages\/653\/revisions"}],"predecessor-version":[{"id":1640,"href":"https:\/\/naturoterrehappy.fr\/index.php\/wp-json\/wp\/v2\/pages\/653\/revisions\/1640"}],"wp:featuredmedia":[{"embeddable":true,"href":"https:\/\/naturoterrehappy.fr\/index.php\/wp-json\/wp\/v2\/media\/1384"}],"wp:attachment":[{"href":"https:\/\/naturoterrehappy.fr\/index.php\/wp-json\/wp\/v2\/media?parent=653"}],"curies":[{"name":"wp","href":"https:\/\/api.w.org\/{rel}","templated":true}]}}